{"id":642,"date":"2023-06-24T14:57:03","date_gmt":"2023-06-24T12:57:03","guid":{"rendered":"http:\/\/festicimes.fr\/?page_id=642"},"modified":"2023-06-24T14:57:03","modified_gmt":"2023-06-24T12:57:03","slug":"copie-de-marie-dewas-sevagen","status":"publish","type":"page","link":"https:\/\/festicimes.fr\/index.php\/copie-de-marie-dewas-sevagen\/","title":{"rendered":"Tanguy De WILLIENCOURT"},"content":{"rendered":"<style>\/*! elementor - v3.11.2 - 22-02-2023 *\/\n.elementor-widget-image{text-align:center}.elementor-widget-image a{display:inline-block}.elementor-widget-image a img[src$=\".svg\"]{width:48px}.elementor-widget-image img{vertical-align:middle;display:inline-block}<\/style>\n<p>\t\t\t\t\t\t\t\t\t\t\t\t<img decoding=\"async\" width=\"700\" height=\"466\" src=\"http:\/\/festicimes.fr\/wp-content\/uploads\/2024\/05\/JBM9444\u220fJean-Baptiste-Millot-light-1-700x466-1.jpg\" alt=\"\" loading=\"lazy\" srcset=\"http:\/\/festicimes.fr\/wp-content\/uploads\/2024\/05\/JBM9444\u220fJean-Baptiste-Millot-light-1-700x466-1.jpg 700w, http:\/\/festicimes.fr\/wp-content\/uploads\/2024\/05\/JBM9444\u220fJean-Baptiste-Millot-light-1-700x466-1-300x200.jpg 300w\" sizes=\"auto, (max-width: 700px) 100vw, 700px\" \/>\t\t\t\t\t\t\t\t\t\t\t\t\t\t\t<\/p>\n<p>\u00a9 Jean-Baptiste Millot<\/p>\n<p>La presse ne manque pas d\u2019accompagner l\u2019\u00e9mergence de ce\u00a0<em>musicien complet<\/em>\u00a0(Michel Le Naour, Concertclassic), dont\u00a0<em>l\u2019autorit\u00e9 pianistique et la riche palette color\u00e9e<\/em>\u00a0(Alain Cochard) distingue en lui l\u2019un des\u00a0<em>futurs grands du piano<\/em>\u00a0(La Croix).<\/p>\n<p>Tanguy de Williencourt se produit sur les sc\u00e8nes fran\u00e7aises et \u00e9trang\u00e8res : Philharmonie de Paris, Auditorium de Radio France, Th\u00e9\u00e2tre des Champs-Elys\u00e9es, Auditorium du Mus\u00e9e d\u2019Orsay, Coll\u00e8ge des Bernardins, Op\u00e9ra de Lille, Auditorium de Bordeaux, Grand Th\u00e9\u00e2tre de Provence, Philharmonie de Saint-Petersbourg, Philharmonie de Berlin, Salle Flagey \u00e0 Bruxelles, Op\u00e9ra de Bonn, Palazzetto Bru Zane, Sala Sao Paulo, et les festivals Menuhin \u00e0 Gstaad, Chopin \u00e0 Nohant, Radio France \u00e0 Montpellier, Pablo Casals \u00e0 Prades, La Chaise-Dieu, La V\u00e9z\u00e8re, Les Solistes \u00e0 Bagatelle, Les Chor\u00e9gies d\u2019Orange, l\u2019Abbaye de Royaumont, La Folle Journ\u00e9e de Nantes (Ekaterinburg, Varsovie et Tokyo), La Roque d\u2019Anth\u00e9ron et le Lille Piano Festival. Il fait une apparition remarqu\u00e9e aux Victoires de la Musique en 2017.<br \/>Sa discographie compte, pour Mirare, un album r\u00e9unissant les oeuvres solos et avec orchestre de C\u00e9sar Franck (CHOC Classica), ainsi que deux int\u00e9grales des Bagatelles de Beethoven et des transcriptions pour piano Wagner\/Liszt, toutes deux salu\u00e9es par la critique (***** Classica et Diapason). Tanguy de Williencourt enregistre son quatri\u00e8me disque avec le violoncelliste Bruno Philippe pour Harmonia Mundi, label avec lequel il a \u00e9galement enregistr\u00e9 un album Berlioz avec la mezzo-soprano St\u00e9phanie d\u2019Oustrac, ainsi que le CD \u00ab Debussy : the late works \u00bb qui a re\u00e7u en 2019 le \u00ab BBC Music Magazine Award \u00bb et le \u00ab Gramophone Award \u00bb. Le CD \u00ab Proust : le concert retrouv\u00e9 \u00bb, enregistr\u00e9 avec le violoniste Th\u00e9otime Langlois de Swarte, remporte un grand succ\u00e8s critique dont le Gramophone Editor\u2019s Choice en 2021. Tanguy a \u00e9galement particip\u00e9 au tournage d\u2019un film consacr\u00e9 \u00e0 Ren\u00e9e Fleming, r\u00e9alis\u00e9 au Th\u00e9\u00e2tre du Ch\u00e2telet, sorti en 2022 dans le monde entier sur le r\u00e9seau IMAX.<\/p>\n<p>Apr\u00e8s des \u00e9tudes brillantes au Conservatoire National Sup\u00e9rieur de Musique de Paris dans les classes de piano (Roger Muraro), musique de chambre (Claire D\u00e9sert), accompagnement (Jean-Fr\u00e9d\u00e9ric Neuburger) et direction de chant, il re\u00e7oit le soutien des Fondations Bl\u00fcthner, Banque Populaire, ADAMI (R\u00e9v\u00e9lation classique) et SPEDIDAM. En 2016, il obtient le double Prix du Jury et du Public de la Soci\u00e9t\u00e9 des Arts de Gen\u00e8ve et est laur\u00e9at, l\u2019ann\u00e9e suivante, du Concours Paris Play-Direct \u00e0 la Philharmonie de Paris avec l\u2019Orchestre de Chambre de Paris. Parall\u00e8lement, il re\u00e7oit les conseils de Maria Jo\u00e3o Pires, Christoph Eschenbach, Stephen Kovacevich et Paul Badura-Skoda.<\/p>\n<p>Tanguy de Williencourt enseigne le piano au Conservatoire National Sup\u00e9rieur de Musique de Paris depuis 2021 et a \u00e9t\u00e9 nomm\u00e9 chef de chant par Gustavo Dudamel \u00e0 l\u2019Op\u00e9ra de Paris en 2022.<\/p>\n<p>Plus de d\u00e9tails <a href=\"https:\/\/tanguydewilliencourt.fr\/fr\/videos\">ici<\/a><\/p>\n","protected":false},"excerpt":{"rendered":"<p>\u00a9 Jean-Baptiste Millot La presse ne manque pas d\u2019accompagner l\u2019\u00e9mergence de ce\u00a0musicien complet\u00a0(Michel Le Naour, Concertclassic), dont\u00a0l\u2019autorit\u00e9 pianistique et la riche palette color\u00e9e\u00a0(Alain Cochard) distingue en lui l\u2019un des\u00a0futurs grands du piano\u00a0(La Croix). Tanguy de Williencourt se produit sur les sc\u00e8nes fran\u00e7aises et \u00e9trang\u00e8res : Philharmonie de Paris, Auditorium de Radio France, Th\u00e9\u00e2tre des Champs-Elys\u00e9es, [&hellip;]<\/p>\n","protected":false},"author":1,"featured_media":0,"parent":0,"menu_order":0,"comment_status":"closed","ping_status":"closed","template":"","meta":{"footnotes":""},"class_list":["post-642","page","type-page","status-publish","hentry"],"_links":{"self":[{"href":"https:\/\/festicimes.fr\/index.php\/wp-json\/wp\/v2\/pages\/642","targetHints":{"allow":["GET"]}}],"collection":[{"href":"https:\/\/festicimes.fr\/index.php\/wp-json\/wp\/v2\/pages"}],"about":[{"href":"https:\/\/festicimes.fr\/index.php\/wp-json\/wp\/v2\/types\/page"}],"author":[{"embeddable":true,"href":"https:\/\/festicimes.fr\/index.php\/wp-json\/wp\/v2\/users\/1"}],"replies":[{"embeddable":true,"href":"https:\/\/festicimes.fr\/index.php\/wp-json\/wp\/v2\/comments?post=642"}],"version-history":[{"count":0,"href":"https:\/\/festicimes.fr\/index.php\/wp-json\/wp\/v2\/pages\/642\/revisions"}],"wp:attachment":[{"href":"https:\/\/festicimes.fr\/index.php\/wp-json\/wp\/v2\/media?parent=642"}],"curies":[{"name":"wp","href":"https:\/\/api.w.org\/{rel}","templated":true}]}}